{"id":254,"date":"2018-09-13T07:45:30","date_gmt":"2018-09-13T07:45:30","guid":{"rendered":"https:\/\/www.neurofeedback-ifen.com\/blog\/?page_id=254"},"modified":"2025-12-03T09:10:37","modified_gmt":"2025-12-03T09:10:37","slug":"startseite","status":"publish","type":"page","link":"https:\/\/neurofeedback-ifen.com\/blog\/","title":{"rendered":"Startseite"},"content":{"rendered":"\r\n<div class=\"wp-block-cover alignfull is-light\"><img loading=\"lazy\" decoding=\"async\" width=\"1989\" height=\"999\" class=\"wp-block-cover__image-background wp-image-1140\" style=\"object-position: 82% 50%;\" src=\"https:\/\/neurofeedback-ifen.com\/blog\/wp-content\/uploads\/2022\/04\/ifen_nfblog_sw-1.jpg\" alt=\"\" data-object-fit=\"cover\" data-object-position=\"82% 50%\" srcset=\"https:\/\/neurofeedback-ifen.com\/blog\/wp-content\/uploads\/2022\/04\/ifen_nfblog_sw-1.jpg 1989w, https:\/\/neurofeedback-ifen.com\/blog\/wp-content\/uploads\/2022\/04\/ifen_nfblog_sw-1-300x151.jpg 300w, https:\/\/neurofeedback-ifen.com\/blog\/wp-content\/uploads\/2022\/04\/ifen_nfblog_sw-1-1024x514.jpg 1024w, https:\/\/neurofeedback-ifen.com\/blog\/wp-content\/uploads\/2022\/04\/ifen_nfblog_sw-1-768x386.jpg 768w, https:\/\/neurofeedback-ifen.com\/blog\/wp-content\/uploads\/2022\/04\/ifen_nfblog_sw-1-1536x771.jpg 1536w\" sizes=\"auto, (max-width: 1989px) 100vw, 1989px\" \/>\r\n<div class=\"wp-block-cover__inner-container is-layout-flow wp-block-cover-is-layout-flow\">\r\n<div class=\"wp-block-media-text alignwide is-stacked-on-mobile teaser has-ast-global-color-5-color has-text-color has-background\" style=\"background-color: #006772; grid-template-columns: 40% auto;\">\r\n<figure class=\"wp-block-media-text__media\"><img loading=\"lazy\" decoding=\"async\" class=\"alignnone wp-image-2134 size-medium\" src=\"https:\/\/neurofeedback-ifen.com\/blog\/wp-content\/uploads\/2025\/12\/thomas_feiner_2025-270x300.jpg\" alt=\"\" width=\"270\" height=\"300\" srcset=\"https:\/\/neurofeedback-ifen.com\/blog\/wp-content\/uploads\/2025\/12\/thomas_feiner_2025-270x300.jpg 270w, https:\/\/neurofeedback-ifen.com\/blog\/wp-content\/uploads\/2025\/12\/thomas_feiner_2025.jpg 600w\" sizes=\"auto, (max-width: 270px) 100vw, 270px\" \/><\/figure>\r\n<div class=\"wp-block-media-text__content\">\r\n<h1 class=\"wp-block-heading start has-x-large-font-size\" style=\"color: #ffffff;\">Thomas Feiners Neurofeedback BLOG<\/h1>\r\n<\/div>\r\n<\/div>\r\n<\/div>\r\n<\/div>\r\n\r\n\r\n\r\n<h1 class=\"wp-block-heading\">Herzlich Willkommen!<\/h1>\r\n\r\n\r\n\r\n<p>Das IFEN Institut f\u00fcr EEG-Neurofeedback ist einer der deutschlandweit f\u00fchrenden Anbieter f\u00fcr die Aus- und Fortbildung von Neurofeedback-Therapeuten.<br \/>Auf diesen Seiten finden Sie wichtige Informationen, Aktuelles und Wissenswertes rund um das Thema Neurofeedback.<br \/>Sie sind an einer Ausbildung zum Neurofeedback-Therapeuten interessiert? Sie suchen nach weiterbildenden Angeboten? Dann besuchen Sie uns auf <a href=\"https:\/\/www.neurofeedback-info.de\/de\/\">www.neurofeedback-info.de<\/a>!<\/p>\r\n\r\n\r\n\r\n<div class=\"wp-block-buttons is-layout-flex wp-block-buttons-is-layout-flex\"><\/div>\r\n\r\n\r\n\r\n<div class=\"inherit-container-width wp-block-group alignfull is-layout-constrained wp-block-group-is-layout-constrained\"><div class=\"wp-block-group__inner-container\">\r\n<div class=\"inherit-container-width wp-block-group alignfull newsletter has-ast-global-color-5-color has-text-color has-background is-layout-constrained wp-block-group-is-layout-constrained\" style=\"background-color: #006772;\"><div class=\"wp-block-group__inner-container\">\r\n<h2 class=\"wp-block-heading\"><span style=\"color: #ffffff;\">Korbinian Brodmann und die Brodmann-Areale<\/span><\/h2>\r\n\r\n\r\n\r\n<h3 class=\"wp-block-heading\"><span style=\"color: #ffffff;\">Das interaktive Brodmann-Poster<\/span><\/h3>\r\n\r\n\r\n\r\n<div class=\"wp-block-media-text alignwide is-stacked-on-mobile\" style=\"grid-template-columns: 35% auto;\">\r\n<figure class=\"wp-block-media-text__media\"><img loading=\"lazy\" decoding=\"async\" width=\"250\" height=\"177\" class=\"wp-image-1490 size-full\" src=\"https:\/\/neurofeedback-ifen.com\/blog\/wp-content\/uploads\/2022\/09\/broadmann_plakat_250.jpg\" alt=\"\" \/><\/figure>\r\n<div class=\"wp-block-media-text__content\">\r\n<p><span style=\"color: #ffffff;\">Eine der gr\u00f6\u00dften Errungenschaften der modernen Medizin und Neurowissenschaften ist die Bildgebung, die M\u00f6glichkeit neuronale Aktivit\u00e4t abzubilden, man nennt das heute Brainmapping. Der deutsche Neuroanatom und Psychiater Korbinian Brodmann (1868\u20131918) kartografierte als Erster das menschliche Gehirn.<\/span><\/p>\r\n<p><span style=\"color: #ffffff;\"><a style=\"color: #ffffff;\" href=\"https:\/\/neurofeedback-ifen.com\/blog\/das-interaktive-brodmann-plakat\">\u00bb weiterlesen und Poster herunterladen<\/a><\/span><\/p>\r\n<p>&nbsp;<\/p>\r\n<\/div>\r\n<\/div>\r\n<\/div><\/div>\r\n<\/div><\/div>\r\n\r\n\r\n\r\n<h2 class=\"wp-block-heading\">Aktuelle Beitr\u00e4ge<\/h2>\r\n\r\n\r\n<ul class=\"wp-block-latest-posts__list is-grid columns-2 wp-block-latest-posts\"><li><div class=\"wp-block-latest-posts__featured-image\"><a href=\"https:\/\/neurofeedback-ifen.com\/blog\/ismael-castillo-reyes-qeeg-analyse\" aria-label=\"Die Br\u00fccke zwischen Daten und Therapie: Dr. Ismael J. Castillo-Reyes und die Pr\u00e4zision der QEEG-Analyse\"><img loading=\"lazy\" decoding=\"async\" width=\"1024\" height=\"1024\" src=\"https:\/\/neurofeedback-ifen.com\/blog\/wp-content\/uploads\/2026\/04\/IFEN-17apr2026-LinkedIn-posts-1024x1024.png\" class=\"attachment-large size-large wp-post-image\" alt=\"\" style=\"\" srcset=\"https:\/\/neurofeedback-ifen.com\/blog\/wp-content\/uploads\/2026\/04\/IFEN-17apr2026-LinkedIn-posts-1024x1024.png 1024w, https:\/\/neurofeedback-ifen.com\/blog\/wp-content\/uploads\/2026\/04\/IFEN-17apr2026-LinkedIn-posts-300x300.png 300w, https:\/\/neurofeedback-ifen.com\/blog\/wp-content\/uploads\/2026\/04\/IFEN-17apr2026-LinkedIn-posts-150x150.png 150w, https:\/\/neurofeedback-ifen.com\/blog\/wp-content\/uploads\/2026\/04\/IFEN-17apr2026-LinkedIn-posts-768x768.png 768w, https:\/\/neurofeedback-ifen.com\/blog\/wp-content\/uploads\/2026\/04\/IFEN-17apr2026-LinkedIn-posts.png 1200w\" sizes=\"auto, (max-width: 1024px) 100vw, 1024px\" \/><\/a><\/div><a class=\"wp-block-latest-posts__post-title\" href=\"https:\/\/neurofeedback-ifen.com\/blog\/ismael-castillo-reyes-qeeg-analyse\">Die Br\u00fccke zwischen Daten und Therapie: Dr. Ismael J. Castillo-Reyes und die Pr\u00e4zision der QEEG-Analyse<\/a><div class=\"wp-block-latest-posts__post-excerpt\">In der modernen Neurophysiologie reicht es nicht mehr aus, lediglich Symptome zu beobachten. Um nachhaltige klinische Erfolge zu erzielen, m\u00fcssen wir die zugrundeliegenden neuronalen Netzwerke verstehen. Dies erfordert eine Expertise, die \u00fcber die reine Anwendung\u2026\u00a0<a class=\"wp-block-latest-posts__read-more\" href=\"https:\/\/neurofeedback-ifen.com\/blog\/ismael-castillo-reyes-qeeg-analyse\" rel=\"noopener noreferrer\"><span class=\"screen-reader-text\">Die Br\u00fccke zwischen Daten und Therapie: Dr. Ismael J. Castillo-Reyes und die Pr\u00e4zision der QEEG-Analyse <\/span>weiterlesen<\/a><\/div><\/li>\n<li><div class=\"wp-block-latest-posts__featured-image\"><a href=\"https:\/\/neurofeedback-ifen.com\/blog\/brain-monitoring-neurofeedback-messung-statt-raten\" aria-label=\"Die Beobachtung neuronaler Dynamik: Warum wir aufh\u00f6ren sollten zu raten\"><img loading=\"lazy\" decoding=\"async\" width=\"1024\" height=\"1024\" src=\"https:\/\/neurofeedback-ifen.com\/blog\/wp-content\/uploads\/2026\/04\/IFEN-15apr2026-LinkedIn-posts-1024x1024.png\" class=\"attachment-large size-large wp-post-image\" alt=\"\" style=\"\" srcset=\"https:\/\/neurofeedback-ifen.com\/blog\/wp-content\/uploads\/2026\/04\/IFEN-15apr2026-LinkedIn-posts-1024x1024.png 1024w, https:\/\/neurofeedback-ifen.com\/blog\/wp-content\/uploads\/2026\/04\/IFEN-15apr2026-LinkedIn-posts-300x300.png 300w, https:\/\/neurofeedback-ifen.com\/blog\/wp-content\/uploads\/2026\/04\/IFEN-15apr2026-LinkedIn-posts-150x150.png 150w, https:\/\/neurofeedback-ifen.com\/blog\/wp-content\/uploads\/2026\/04\/IFEN-15apr2026-LinkedIn-posts-768x768.png 768w, https:\/\/neurofeedback-ifen.com\/blog\/wp-content\/uploads\/2026\/04\/IFEN-15apr2026-LinkedIn-posts.png 1200w\" sizes=\"auto, (max-width: 1024px) 100vw, 1024px\" \/><\/a><\/div><a class=\"wp-block-latest-posts__post-title\" href=\"https:\/\/neurofeedback-ifen.com\/blog\/brain-monitoring-neurofeedback-messung-statt-raten\">Die Beobachtung neuronaler Dynamik: Warum wir aufh\u00f6ren sollten zu raten<\/a><div class=\"wp-block-latest-posts__post-excerpt\">In der therapeutischen Praxis und der Meditationsforschung verlassen wir uns oft auf subjektive Berichte. Wir fragen: \u201eWie f\u00fchlen Sie sich?\u201c oder \u201eSp\u00fcren Sie eine Ver\u00e4nderung?\u201c. Diese Ph\u00e4nomenologie ist wertvoll, bleibt aber unvollst\u00e4ndig. Das Gehirn ist\u2026\u00a0<a class=\"wp-block-latest-posts__read-more\" href=\"https:\/\/neurofeedback-ifen.com\/blog\/brain-monitoring-neurofeedback-messung-statt-raten\" rel=\"noopener noreferrer\"><span class=\"screen-reader-text\">Die Beobachtung neuronaler Dynamik: Warum wir aufh\u00f6ren sollten zu raten <\/span>weiterlesen<\/a><\/div><\/li>\n<li><div class=\"wp-block-latest-posts__featured-image\"><a href=\"https:\/\/neurofeedback-ifen.com\/blog\/dr-silvia-fois-neurophysiologische-diagnostik\" aria-label=\"Experten-Portr\u00e4t: Dr. Silvia Fois \u2014 Klare therapeutische Roadmaps durch wissenschaftliche Exzellenz\"><img loading=\"lazy\" decoding=\"async\" width=\"1024\" height=\"1024\" src=\"https:\/\/neurofeedback-ifen.com\/blog\/wp-content\/uploads\/2026\/04\/IFEN-09apr2026-LinkedIn-posts-1024x1024.png\" class=\"attachment-large size-large wp-post-image\" alt=\"\" style=\"\" srcset=\"https:\/\/neurofeedback-ifen.com\/blog\/wp-content\/uploads\/2026\/04\/IFEN-09apr2026-LinkedIn-posts-1024x1024.png 1024w, https:\/\/neurofeedback-ifen.com\/blog\/wp-content\/uploads\/2026\/04\/IFEN-09apr2026-LinkedIn-posts-300x300.png 300w, https:\/\/neurofeedback-ifen.com\/blog\/wp-content\/uploads\/2026\/04\/IFEN-09apr2026-LinkedIn-posts-150x150.png 150w, https:\/\/neurofeedback-ifen.com\/blog\/wp-content\/uploads\/2026\/04\/IFEN-09apr2026-LinkedIn-posts-768x768.png 768w, https:\/\/neurofeedback-ifen.com\/blog\/wp-content\/uploads\/2026\/04\/IFEN-09apr2026-LinkedIn-posts.png 1200w\" sizes=\"auto, (max-width: 1024px) 100vw, 1024px\" \/><\/a><\/div><a class=\"wp-block-latest-posts__post-title\" href=\"https:\/\/neurofeedback-ifen.com\/blog\/dr-silvia-fois-neurophysiologische-diagnostik\">Experten-Portr\u00e4t: Dr. Silvia Fois \u2014 Klare therapeutische Roadmaps durch wissenschaftliche Exzellenz<\/a><div class=\"wp-block-latest-posts__post-excerpt\">Das Institut f\u00fcr EEG-Neurofeedback (IFEN) hat die Phase der \u201eexpertenzentrierten Manufaktur\u201c l\u00e4ngst verlassen. Wir bauen ein globales Neuro-\u00d6kosystem, das regulatorische Tiefe mit h\u00f6chster klinischer Pr\u00e4zision vereint. In diesem System fungiert die erfahrene Psychotherapeutin Dr. Silvia\u2026\u00a0<a class=\"wp-block-latest-posts__read-more\" href=\"https:\/\/neurofeedback-ifen.com\/blog\/dr-silvia-fois-neurophysiologische-diagnostik\" rel=\"noopener noreferrer\"><span class=\"screen-reader-text\">Experten-Portr\u00e4t: Dr. Silvia Fois \u2014 Klare therapeutische Roadmaps durch wissenschaftliche Exzellenz <\/span>weiterlesen<\/a><\/div><\/li>\n<li><div class=\"wp-block-latest-posts__featured-image\"><a href=\"https:\/\/neurofeedback-ifen.com\/blog\/qeeg-praxis-diagnostik-hirnaktivitaet-verstehen\" aria-label=\"Eine moderne Praxis will mehr als Diagnosen und Symptome. Sie will verstehen, was dahinter liegt.\"><img loading=\"lazy\" decoding=\"async\" width=\"1024\" height=\"1024\" src=\"https:\/\/neurofeedback-ifen.com\/blog\/wp-content\/uploads\/2026\/04\/IFEN-06apr2026-linkedin-1024x1024.png\" class=\"attachment-large size-large wp-post-image\" alt=\"\" style=\"\" srcset=\"https:\/\/neurofeedback-ifen.com\/blog\/wp-content\/uploads\/2026\/04\/IFEN-06apr2026-linkedin-1024x1024.png 1024w, https:\/\/neurofeedback-ifen.com\/blog\/wp-content\/uploads\/2026\/04\/IFEN-06apr2026-linkedin-300x300.png 300w, https:\/\/neurofeedback-ifen.com\/blog\/wp-content\/uploads\/2026\/04\/IFEN-06apr2026-linkedin-150x150.png 150w, https:\/\/neurofeedback-ifen.com\/blog\/wp-content\/uploads\/2026\/04\/IFEN-06apr2026-linkedin-768x768.png 768w, https:\/\/neurofeedback-ifen.com\/blog\/wp-content\/uploads\/2026\/04\/IFEN-06apr2026-linkedin.png 1200w\" sizes=\"auto, (max-width: 1024px) 100vw, 1024px\" \/><\/a><\/div><a class=\"wp-block-latest-posts__post-title\" href=\"https:\/\/neurofeedback-ifen.com\/blog\/qeeg-praxis-diagnostik-hirnaktivitaet-verstehen\">Eine moderne Praxis will mehr als Diagnosen und Symptome. Sie will verstehen, was dahinter liegt.<\/a><div class=\"wp-block-latest-posts__post-excerpt\">QEEG ist f\u00fcr mich eines der spannendsten Verfahren in der angewandten Neurowissenschaft. Warum? Weil es das klassische EEG nicht ersetzt, sondern quantitativ erweitert: Hirnaktivit\u00e4t wird mathematisch ausgewertet, etwa hinsichtlich Frequenzverteilung, Asymmetrien und Konnektivit\u00e4tsmustern. So entsteht\u2026\u00a0<a class=\"wp-block-latest-posts__read-more\" href=\"https:\/\/neurofeedback-ifen.com\/blog\/qeeg-praxis-diagnostik-hirnaktivitaet-verstehen\" rel=\"noopener noreferrer\"><span class=\"screen-reader-text\">Eine moderne Praxis will mehr als Diagnosen und Symptome. Sie will verstehen, was dahinter liegt. <\/span>weiterlesen<\/a><\/div><\/li>\n<\/ul>\r\n\r\n\r\n<div class=\"inherit-container-width wp-block-group alignfull newsletter has-background is-layout-constrained wp-block-group-is-layout-constrained\" style=\"background-color: #00677240;\"><div class=\"wp-block-group__inner-container\"><ul class=\"wp-block-latest-posts__list aligncenter wp-block-latest-posts\"><li><a class=\"wp-block-latest-posts__post-title\" href=\"https:\/\/neurofeedback-ifen.com\/blog\/philosophie-des-ifen\">Philosophie des IFEN<\/a><div class=\"wp-block-latest-posts__post-excerpt\">Neurofeedback ist ein sich rasch entwickelnder Bereich in der Medizin. Es gibt diese Methode schon seit etwa 50 Jahren. Dennoch ist sie immer noch viel zu wenig bekannt. Dabei bietet Neurofeedback ein Universum neuer Chancen und M\u00f6glichkeiten f\u00fcr Fachleute im Gesundheitswesen und f\u00fcr Menschen, die unter lebensbedrohlichen und das Leben\u2026\u00a0<a class=\"wp-block-latest-posts__read-more\" href=\"https:\/\/neurofeedback-ifen.com\/blog\/philosophie-des-ifen\" rel=\"noopener noreferrer\"><span class=\"screen-reader-text\">Philosophie des IFEN <\/span>weiterlesen<\/a><\/div><\/li>\n<\/ul><\/div><\/div>\r\n","protected":false},"excerpt":{"rendered":"<p>Herzlich Willkommen! Das IFEN Institut f\u00fcr EEG-Neurofdback ist einer der deutschlandweit f\u00fchrenden Anbieter f\u00fcr die Aus- und Fortbildung von Neurofeedback-Therapeuten.Auf diesen Seiten finden Sie wichtige Informationen, Aktuelles und Wissenswertes rund um das Thema Neurofeedback.Sie sind an einer Ausbildung zum Neurofeedback-Therapeuten [\u2026] <\/p>\n","protected":false},"author":1,"featured_media":0,"parent":0,"menu_order":0,"comment_status":"closed","ping_status":"closed","template":"","meta":{"site-sidebar-layout":"no-sidebar","site-content-layout":"default","ast-site-content-layout":"default","site-content-style":"default","site-sidebar-style":"default","ast-global-header-display":"","ast-banner-title-visibility":"","ast-main-header-display":"","ast-hfb-above-header-display":"","ast-hfb-below-header-display":"","ast-hfb-mobile-header-display":"","site-post-title":"disabled","ast-breadcrumbs-content":"","ast-featured-img":"","footer-sml-layout":"","ast-disable-related-posts":"","theme-transparent-header-meta":"default","adv-header-id-meta":"","stick-header-meta":"","header-above-stick-meta":"","header-main-stick-meta":"","header-below-stick-meta":"","astra-migrate-meta-layouts":"set","ast-page-background-enabled":"default","ast-page-background-meta":{"desktop":{"background-color":"var(--ast-global-color-4)","background-image":"","background-repeat":"repeat","background-position":"center center","background-size":"auto","background-attachment":"scroll","background-type":"","background-media":"","overlay-type":"","overlay-color":"","overlay-opacity":"","overlay-gradient":""},"tablet":{"background-color":"","background-image":"","background-repeat":"repeat","background-position":"center center","background-size":"auto","background-attachment":"scroll","background-type":"","background-media":"","overlay-type":"","overlay-color":"","overlay-opacity":"","overlay-gradient":""},"mobile":{"background-color":"","background-image":"","background-repeat":"repeat","background-position":"center center","background-size":"auto","background-attachment":"scroll","background-type":"","background-media":"","overlay-type":"","overlay-color":"","overlay-opacity":"","overlay-gradient":""}},"ast-content-background-meta":{"desktop":{"background-color":"var(--ast-global-color-5)","background-image":"","background-repeat":"repeat","background-position":"center center","background-size":"auto","background-attachment":"scroll","background-type":"","background-media":"","overlay-type":"","overlay-color":"","overlay-opacity":"","overlay-gradient":""},"tablet":{"background-color":"var(--ast-global-color-5)","background-image":"","background-repeat":"repeat","background-position":"center center","background-size":"auto","background-attachment":"scroll","background-type":"","background-media":"","overlay-type":"","overlay-color":"","overlay-opacity":"","overlay-gradient":""},"mobile":{"background-color":"var(--ast-global-color-5)","background-image":"","background-repeat":"repeat","background-position":"center center","background-size":"auto","background-attachment":"scroll","background-type":"","background-media":"","overlay-type":"","overlay-color":"","overlay-opacity":"","overlay-gradient":""}},"footnotes":""},"class_list":["post-254","page","type-page","status-publish","hentry"],"yoast_head":"<!-- This site is optimized with the Yoast SEO plugin v25.5 - https:\/\/yoast.com\/wordpress\/plugins\/seo\/ -->\n<title>\u25b7 Neurofeedback Blog \u2013 Thomas Feiner | IFEN Institut \u2714\ufe0f<\/title>\n<meta name=\"description\" content=\"Das IFEN Institut ist f\u00fchrend in der Neurofeedback-Ausbildung in Deutschland. Im Blog teilt Thomas Feiner Fachwissen zu EEG &amp; Neurofeedback.\" \/>\n<meta name=\"robots\" content=\"index, follow, max-snippet:-1, max-image-preview:large, max-video-preview:-1\" \/>\n<link rel=\"canonical\" href=\"https:\/\/neurofeedback-ifen.com\/blog\/\" \/>\n<meta property=\"og:locale\" content=\"de_DE\" \/>\n<meta property=\"og:type\" content=\"article\" \/>\n<meta property=\"og:title\" content=\"\u25b7 Neurofeedback Blog \u2013 Thomas Feiner | IFEN Institut \u2714\ufe0f\" \/>\n<meta property=\"og:description\" content=\"Das IFEN Institut ist f\u00fchrend in der Neurofeedback-Ausbildung in Deutschland. Im Blog teilt Thomas Feiner Fachwissen zu EEG &amp; Neurofeedback.\" \/>\n<meta property=\"og:url\" content=\"https:\/\/neurofeedback-ifen.com\/blog\/\" \/>\n<meta property=\"og:site_name\" content=\"IFEN Neurofeedback Blog\" \/>\n<meta property=\"article:publisher\" content=\"https:\/\/www.facebook.com\/Ifen.neurofeedback\/?ref=br_rs\" \/>\n<meta property=\"article:modified_time\" content=\"2025-12-03T09:10:37+00:00\" \/>\n<meta property=\"og:image\" content=\"https:\/\/neurofeedback-ifen.com\/blog\/wp-content\/uploads\/2022\/04\/ifen_nfblog_sw-1.jpg\" \/>\n\t<meta property=\"og:image:width\" content=\"1989\" \/>\n\t<meta property=\"og:image:height\" content=\"999\" \/>\n\t<meta property=\"og:image:type\" content=\"image\/jpeg\" \/>\n<meta name=\"twitter:card\" content=\"summary_large_image\" \/>\n<meta name=\"twitter:site\" content=\"@Galbado\" \/>\n<meta name=\"twitter:label1\" content=\"Gesch\u00e4tzte Lesezeit\" \/>\n\t<meta name=\"twitter:data1\" content=\"2\u00a0Minuten\" \/>\n<script type=\"application\/ld+json\" class=\"yoast-schema-graph\">{\"@context\":\"https:\/\/schema.org\",\"@graph\":[{\"@type\":\"WebPage\",\"@id\":\"https:\/\/neurofeedback-ifen.com\/blog\/\",\"url\":\"https:\/\/neurofeedback-ifen.com\/blog\/\",\"name\":\"\u25b7 Neurofeedback Blog \u2013 Thomas Feiner | IFEN Institut \u2714\ufe0f\",\"isPartOf\":{\"@id\":\"https:\/\/neurofeedback-ifen.com\/blog\/#website\"},\"primaryImageOfPage\":{\"@id\":\"https:\/\/neurofeedback-ifen.com\/blog\/#primaryimage\"},\"image\":{\"@id\":\"https:\/\/neurofeedback-ifen.com\/blog\/#primaryimage\"},\"thumbnailUrl\":\"https:\/\/neurofeedback-ifen.com\/blog\/wp-content\/uploads\/2022\/04\/ifen_nfblog_sw-1.jpg\",\"datePublished\":\"2018-09-13T07:45:30+00:00\",\"dateModified\":\"2025-12-03T09:10:37+00:00\",\"description\":\"Das IFEN Institut ist f\u00fchrend in der Neurofeedback-Ausbildung in Deutschland. Im Blog teilt Thomas Feiner Fachwissen zu EEG & Neurofeedback.\",\"breadcrumb\":{\"@id\":\"https:\/\/neurofeedback-ifen.com\/blog\/#breadcrumb\"},\"inLanguage\":\"de\",\"potentialAction\":[{\"@type\":\"ReadAction\",\"target\":[\"https:\/\/neurofeedback-ifen.com\/blog\/\"]}]},{\"@type\":\"ImageObject\",\"inLanguage\":\"de\",\"@id\":\"https:\/\/neurofeedback-ifen.com\/blog\/#primaryimage\",\"url\":\"https:\/\/neurofeedback-ifen.com\/blog\/wp-content\/uploads\/2022\/04\/ifen_nfblog_sw-1.jpg\",\"contentUrl\":\"https:\/\/neurofeedback-ifen.com\/blog\/wp-content\/uploads\/2022\/04\/ifen_nfblog_sw-1.jpg\",\"width\":1989,\"height\":999},{\"@type\":\"BreadcrumbList\",\"@id\":\"https:\/\/neurofeedback-ifen.com\/blog\/#breadcrumb\",\"itemListElement\":[{\"@type\":\"ListItem\",\"position\":1,\"name\":\"Home\",\"item\":\"https:\/\/neurofeedback-ifen.com\/blog\/\"},{\"@type\":\"ListItem\",\"position\":2,\"name\":\"Startseite\"}]},{\"@type\":\"WebSite\",\"@id\":\"https:\/\/neurofeedback-ifen.com\/blog\/#website\",\"url\":\"https:\/\/neurofeedback-ifen.com\/blog\/\",\"name\":\"IFEN Neurofeedback Blog\",\"description\":\"Next Generation Neurofeedback\",\"publisher\":{\"@id\":\"https:\/\/neurofeedback-ifen.com\/blog\/#organization\"},\"potentialAction\":[{\"@type\":\"SearchAction\",\"target\":{\"@type\":\"EntryPoint\",\"urlTemplate\":\"https:\/\/neurofeedback-ifen.com\/blog\/?s={search_term_string}\"},\"query-input\":{\"@type\":\"PropertyValueSpecification\",\"valueRequired\":true,\"valueName\":\"search_term_string\"}}],\"inLanguage\":\"de\"},{\"@type\":\"Organization\",\"@id\":\"https:\/\/neurofeedback-ifen.com\/blog\/#organization\",\"name\":\"IFEN Neurofeedback Blog\",\"url\":\"https:\/\/neurofeedback-ifen.com\/blog\/\",\"logo\":{\"@type\":\"ImageObject\",\"inLanguage\":\"de\",\"@id\":\"https:\/\/neurofeedback-ifen.com\/blog\/#\/schema\/logo\/image\/\",\"url\":\"https:\/\/neurofeedback-ifen.com\/blog\/wp-content\/uploads\/2022\/04\/IFEN-Neuroscience-logo_weiss.png\",\"contentUrl\":\"https:\/\/neurofeedback-ifen.com\/blog\/wp-content\/uploads\/2022\/04\/IFEN-Neuroscience-logo_weiss.png\",\"width\":600,\"height\":253,\"caption\":\"IFEN Neurofeedback Blog\"},\"image\":{\"@id\":\"https:\/\/neurofeedback-ifen.com\/blog\/#\/schema\/logo\/image\/\"},\"sameAs\":[\"https:\/\/www.facebook.com\/Ifen.neurofeedback\/?ref=br_rs\",\"https:\/\/x.com\/Galbado\",\"https:\/\/de.linkedin.com\/in\/thomasfeinenfb\",\"https:\/\/www.youtube.com\/channel\/UCyvS9gDqcSXdesWbOS598SA\"]}]}<\/script>\n<!-- \/ Yoast SEO plugin. -->","yoast_head_json":{"title":"\u25b7 Neurofeedback Blog \u2013 Thomas Feiner | IFEN Institut \u2714\ufe0f","description":"Das IFEN Institut ist f\u00fchrend in der Neurofeedback-Ausbildung in Deutschland. Im Blog teilt Thomas Feiner Fachwissen zu EEG & Neurofeedback.","robots":{"index":"index","follow":"follow","max-snippet":"max-snippet:-1","max-image-preview":"max-image-preview:large","max-video-preview":"max-video-preview:-1"},"canonical":"https:\/\/neurofeedback-ifen.com\/blog\/","og_locale":"de_DE","og_type":"article","og_title":"\u25b7 Neurofeedback Blog \u2013 Thomas Feiner | IFEN Institut \u2714\ufe0f","og_description":"Das IFEN Institut ist f\u00fchrend in der Neurofeedback-Ausbildung in Deutschland. Im Blog teilt Thomas Feiner Fachwissen zu EEG & Neurofeedback.","og_url":"https:\/\/neurofeedback-ifen.com\/blog\/","og_site_name":"IFEN Neurofeedback Blog","article_publisher":"https:\/\/www.facebook.com\/Ifen.neurofeedback\/?ref=br_rs","article_modified_time":"2025-12-03T09:10:37+00:00","og_image":[{"width":1989,"height":999,"url":"https:\/\/neurofeedback-ifen.com\/blog\/wp-content\/uploads\/2022\/04\/ifen_nfblog_sw-1.jpg","type":"image\/jpeg"}],"twitter_card":"summary_large_image","twitter_site":"@Galbado","twitter_misc":{"Gesch\u00e4tzte Lesezeit":"2\u00a0Minuten"},"schema":{"@context":"https:\/\/schema.org","@graph":[{"@type":"WebPage","@id":"https:\/\/neurofeedback-ifen.com\/blog\/","url":"https:\/\/neurofeedback-ifen.com\/blog\/","name":"\u25b7 Neurofeedback Blog \u2013 Thomas Feiner | IFEN Institut \u2714\ufe0f","isPartOf":{"@id":"https:\/\/neurofeedback-ifen.com\/blog\/#website"},"primaryImageOfPage":{"@id":"https:\/\/neurofeedback-ifen.com\/blog\/#primaryimage"},"image":{"@id":"https:\/\/neurofeedback-ifen.com\/blog\/#primaryimage"},"thumbnailUrl":"https:\/\/neurofeedback-ifen.com\/blog\/wp-content\/uploads\/2022\/04\/ifen_nfblog_sw-1.jpg","datePublished":"2018-09-13T07:45:30+00:00","dateModified":"2025-12-03T09:10:37+00:00","description":"Das IFEN Institut ist f\u00fchrend in der Neurofeedback-Ausbildung in Deutschland. Im Blog teilt Thomas Feiner Fachwissen zu EEG & Neurofeedback.","breadcrumb":{"@id":"https:\/\/neurofeedback-ifen.com\/blog\/#breadcrumb"},"inLanguage":"de","potentialAction":[{"@type":"ReadAction","target":["https:\/\/neurofeedback-ifen.com\/blog\/"]}]},{"@type":"ImageObject","inLanguage":"de","@id":"https:\/\/neurofeedback-ifen.com\/blog\/#primaryimage","url":"https:\/\/neurofeedback-ifen.com\/blog\/wp-content\/uploads\/2022\/04\/ifen_nfblog_sw-1.jpg","contentUrl":"https:\/\/neurofeedback-ifen.com\/blog\/wp-content\/uploads\/2022\/04\/ifen_nfblog_sw-1.jpg","width":1989,"height":999},{"@type":"BreadcrumbList","@id":"https:\/\/neurofeedback-ifen.com\/blog\/#breadcrumb","itemListElement":[{"@type":"ListItem","position":1,"name":"Home","item":"https:\/\/neurofeedback-ifen.com\/blog\/"},{"@type":"ListItem","position":2,"name":"Startseite"}]},{"@type":"WebSite","@id":"https:\/\/neurofeedback-ifen.com\/blog\/#website","url":"https:\/\/neurofeedback-ifen.com\/blog\/","name":"IFEN Neurofeedback Blog","description":"Next Generation Neurofeedback","publisher":{"@id":"https:\/\/neurofeedback-ifen.com\/blog\/#organization"},"potentialAction":[{"@type":"SearchAction","target":{"@type":"EntryPoint","urlTemplate":"https:\/\/neurofeedback-ifen.com\/blog\/?s={search_term_string}"},"query-input":{"@type":"PropertyValueSpecification","valueRequired":true,"valueName":"search_term_string"}}],"inLanguage":"de"},{"@type":"Organization","@id":"https:\/\/neurofeedback-ifen.com\/blog\/#organization","name":"IFEN Neurofeedback Blog","url":"https:\/\/neurofeedback-ifen.com\/blog\/","logo":{"@type":"ImageObject","inLanguage":"de","@id":"https:\/\/neurofeedback-ifen.com\/blog\/#\/schema\/logo\/image\/","url":"https:\/\/neurofeedback-ifen.com\/blog\/wp-content\/uploads\/2022\/04\/IFEN-Neuroscience-logo_weiss.png","contentUrl":"https:\/\/neurofeedback-ifen.com\/blog\/wp-content\/uploads\/2022\/04\/IFEN-Neuroscience-logo_weiss.png","width":600,"height":253,"caption":"IFEN Neurofeedback Blog"},"image":{"@id":"https:\/\/neurofeedback-ifen.com\/blog\/#\/schema\/logo\/image\/"},"sameAs":["https:\/\/www.facebook.com\/Ifen.neurofeedback\/?ref=br_rs","https:\/\/x.com\/Galbado","https:\/\/de.linkedin.com\/in\/thomasfeinenfb","https:\/\/www.youtube.com\/channel\/UCyvS9gDqcSXdesWbOS598SA"]}]}},"_links":{"self":[{"href":"https:\/\/neurofeedback-ifen.com\/blog\/wp-json\/wp\/v2\/pages\/254","targetHints":{"allow":["GET"]}}],"collection":[{"href":"https:\/\/neurofeedback-ifen.com\/blog\/wp-json\/wp\/v2\/pages"}],"about":[{"href":"https:\/\/neurofeedback-ifen.com\/blog\/wp-json\/wp\/v2\/types\/page"}],"author":[{"embeddable":true,"href":"https:\/\/neurofeedback-ifen.com\/blog\/wp-json\/wp\/v2\/users\/1"}],"replies":[{"embeddable":true,"href":"https:\/\/neurofeedback-ifen.com\/blog\/wp-json\/wp\/v2\/comments?post=254"}],"version-history":[{"count":160,"href":"https:\/\/neurofeedback-ifen.com\/blog\/wp-json\/wp\/v2\/pages\/254\/revisions"}],"predecessor-version":[{"id":2135,"href":"https:\/\/neurofeedback-ifen.com\/blog\/wp-json\/wp\/v2\/pages\/254\/revisions\/2135"}],"wp:attachment":[{"href":"https:\/\/neurofeedback-ifen.com\/blog\/wp-json\/wp\/v2\/media?parent=254"}],"curies":[{"name":"wp","href":"https:\/\/api.w.org\/{rel}","templated":true}]}}